{"id":15468,"date":"2014-03-28T11:13:31","date_gmt":"2014-03-28T11:13:31","guid":{"rendered":"https:\/\/www.canberrivell.es\/historia-2\/"},"modified":"2014-06-05T12:16:17","modified_gmt":"2014-06-05T12:16:17","slug":"historia","status":"publish","type":"page","link":"https:\/\/www.canberrivell.es\/ca\/historia\/","title":{"rendered":"Hist\u00f2ria"},"content":{"rendered":"<div class=\"wpb-content-wrapper\"><p>[vc_row row_type=&#8221;row&#8221; type=&#8221;grid&#8221; text_align=&#8221;center&#8221; padding_top=&#8221;87&#8243; background_color=&#8221;#ffffff&#8221; padding_bottom=&#8221;95&#8243; el_class=&#8221;home1&#8243; background_image=&#8221;15259&#8243;][vc_column width=&#8221;1\/1&#8243;][vc_column_text]<\/p>\n<h2 style=\"text-align: center;\">Tradici\u00f3, Entorn i Autenticitat<\/h2>\n<p>[\/vc_column_text][vc_separator type=&#8221;small&#8221; position=&#8221;center&#8221; down=&#8221;38&#8243; up=&#8221;7&#8243;][vc_column_text]<\/p>\n<h4 style=\"text-align: center;\">Una casa tradicional eivissenca en ple cor de Sant Agust\u00ed des Vedr\u00e0<\/h4>\n<p>[\/vc_column_text][vc_separator type=&#8221;transparent&#8221; position=&#8221;center&#8221; up=&#8221;30&#8243; down=&#8221;10&#8243;][vc_column_text]Can Berri Vell ja est\u00e0 documentada com a vivenda familiar al segle XVII. I naltros hem conservat tant l&#8217;entorn com el nom que fan de la casa un lloc aut\u00e8nticament eivissenc, arrelat a la tradici\u00f3 i al paisatge que l&#8217;han forjat. Nom\u00e9s mirar al nostro voltant descobrim la casa, els materials i els objectes quotidians que, al llarg de la hist\u00f2ria, han fet de naltros el que ara som.[\/vc_column_text][vc_separator type=&#8221;transparent&#8221; position=&#8221;center&#8221; up=&#8221;20&#8243; down=&#8221;10&#8243;][vc_column_text]La casa es troba situada ple epicentre del poble de Sant Agust\u00ed des Vedr\u00e0 a l&#8217;illa d&#8217;Eivissa. Enfront de Can Berri Vell es troba l&#8217;esgl\u00e9sia d&#8217;arquitectura t\u00edpicament eivissenca. Pedra i cal\u00e7 s&#8217;integren a la perfecci\u00f3 amb el paisatge del camp eivissenc.[\/vc_column_text][vc_separator type=&#8221;transparent&#8221; up=&#8221;5&#8243; down=&#8221;20&#8243; position=&#8221;center&#8221;]<a  itemprop=\"url\" href=\"https:\/\/www.canberrivell.es\/ca\/restaurant\/\" target=\"_self\"  class=\"qbutton  big_large center default\" style=\"font-style: normal; font-weight: 900; border-radius: 1px;-moz-border-radius: 1px;-webkit-border-radius: 1px; \">DESCOBREIX EL NOSTRE RESTAURANT<\/a>[\/vc_column][\/vc_row][vc_row][vc_column width=&#8221;1\/1&#8243;][layerslider_vc id=&#8221;2&#8243;][\/vc_column][\/vc_row]<\/p>\n<\/div>","protected":false},"excerpt":{"rendered":"<p>[vc_row row_type=&#8221;row&#8221; type=&#8221;grid&#8221; text_align=&#8221;center&#8221; padding_top=&#8221;87&#8243; background_color=&#8221;#ffffff&#8221; padding_bottom=&#8221;95&#8243; el_class=&#8221;home1&#8243; background_image=&#8221;15259&#8243;][vc_column width=&#8221;1\/1&#8243;][vc_column_text] Tradici\u00f3, Entorn i Autenticitat [\/vc_column_text][vc_separator type=&#8221;small&#8221; position=&#8221;center&#8221; down=&#8221;38&#8243; up=&#8221;7&#8243;][vc_column_text] Una casa tradicional eivissenca en ple cor de Sant Agust\u00ed des Vedr\u00e0 [\/vc_column_text][vc_separator type=&#8221;transparent&#8221; position=&#8221;center&#8221; up=&#8221;30&#8243; down=&#8221;10&#8243;][vc_column_text]Can Berri Vell ja est\u00e0 documentada com a vivenda familiar&#8230;<\/p>\n","protected":false},"author":1,"featured_media":0,"parent":0,"menu_order":0,"comment_status":"open","ping_status":"closed","template":"full_width.php","meta":{"footnotes":""},"class_list":["post-15468","page","type-page","status-publish","hentry"],"yoast_head":"<!-- This site is optimized with the Yoast SEO plugin v26.7 - https:\/\/yoast.com\/wordpress\/plugins\/seo\/ -->\n<title>Hist\u00f2ria - Restaurante Can Berri Vell Ibiza<\/title>\n<meta name=\"robots\" content=\"index, follow, max-snippet:-1, max-image-preview:large, max-video-preview:-1\" \/>\n<link rel=\"canonical\" href=\"https:\/\/www.canberrivell.es\/ca\/historia\/\" \/>\n<meta property=\"og:locale\" content=\"ca_ES\" \/>\n<meta property=\"og:type\" content=\"article\" \/>\n<meta property=\"og:title\" content=\"Hist\u00f2ria - Restaurante Can Berri Vell Ibiza\" \/>\n<meta property=\"og:description\" content=\"[vc_row row_type=&#8221;row&#8221; type=&#8221;grid&#8221; text_align=&#8221;center&#8221; padding_top=&#8221;87&#8243; background_color=&#8221;#ffffff&#8221; padding_bottom=&#8221;95&#8243; el_class=&#8221;home1&#8243; background_image=&#8221;15259&#8243;][vc_column width=&#8221;1\/1&#8243;][vc_column_text] Tradici\u00f3, Entorn i Autenticitat [\/vc_column_text][vc_separator type=&#8221;small&#8221; position=&#8221;center&#8221; down=&#8221;38&#8243; up=&#8221;7&#8243;][vc_column_text] Una casa tradicional eivissenca en ple cor de Sant Agust\u00ed des Vedr\u00e0 [\/vc_column_text][vc_separator type=&#8221;transparent&#8221; position=&#8221;center&#8221; up=&#8221;30&#8243; down=&#8221;10&#8243;][vc_column_text]Can Berri Vell ja est\u00e0 documentada com a vivenda familiar...\" \/>\n<meta property=\"og:url\" content=\"https:\/\/www.canberrivell.es\/ca\/historia\/\" \/>\n<meta property=\"og:site_name\" content=\"Restaurante Can Berri Vell Ibiza\" \/>\n<meta property=\"article:publisher\" content=\"https:\/\/www.facebook.com\/RestauranteCanBerriVell\" \/>\n<meta property=\"article:modified_time\" content=\"2014-06-05T12:16:17+00:00\" \/>\n<meta name=\"twitter:label1\" content=\"Temps estimat de lectura\" \/>\n\t<meta name=\"twitter:data1\" content=\"1 minut\" \/>\n<script type=\"application\/ld+json\" class=\"yoast-schema-graph\">{\"@context\":\"https:\/\/schema.org\",\"@graph\":[{\"@type\":\"WebPage\",\"@id\":\"https:\/\/www.canberrivell.es\/ca\/historia\/\",\"url\":\"https:\/\/www.canberrivell.es\/ca\/historia\/\",\"name\":\"Hist\u00f2ria - Restaurante Can Berri Vell Ibiza\",\"isPartOf\":{\"@id\":\"https:\/\/www.canberrivell.es\/#website\"},\"datePublished\":\"2014-03-28T11:13:31+00:00\",\"dateModified\":\"2014-06-05T12:16:17+00:00\",\"breadcrumb\":{\"@id\":\"https:\/\/www.canberrivell.es\/ca\/historia\/#breadcrumb\"},\"inLanguage\":\"ca\",\"potentialAction\":[{\"@type\":\"ReadAction\",\"target\":[\"https:\/\/www.canberrivell.es\/ca\/historia\/\"]}]},{\"@type\":\"BreadcrumbList\",\"@id\":\"https:\/\/www.canberrivell.es\/ca\/historia\/#breadcrumb\",\"itemListElement\":[{\"@type\":\"ListItem\",\"position\":1,\"name\":\"Portada\",\"item\":\"https:\/\/www.canberrivell.es\/ca\/home\/\"},{\"@type\":\"ListItem\",\"position\":2,\"name\":\"Hist\u00f2ria\"}]},{\"@type\":\"WebSite\",\"@id\":\"https:\/\/www.canberrivell.es\/#website\",\"url\":\"https:\/\/www.canberrivell.es\/\",\"name\":\"Restaurante Can Berri Vell Ibiza\",\"description\":\"Sant Agust\u00ed\",\"publisher\":{\"@id\":\"https:\/\/www.canberrivell.es\/#organization\"},\"potentialAction\":[{\"@type\":\"SearchAction\",\"target\":{\"@type\":\"EntryPoint\",\"urlTemplate\":\"https:\/\/www.canberrivell.es\/?s={search_term_string}\"},\"query-input\":{\"@type\":\"PropertyValueSpecification\",\"valueRequired\":true,\"valueName\":\"search_term_string\"}}],\"inLanguage\":\"ca\"},{\"@type\":\"Organization\",\"@id\":\"https:\/\/www.canberrivell.es\/#organization\",\"name\":\"Restaurante Can Berri Vell Ibiza\",\"url\":\"https:\/\/www.canberrivell.es\/\",\"logo\":{\"@type\":\"ImageObject\",\"inLanguage\":\"ca\",\"@id\":\"https:\/\/www.canberrivell.es\/#\/schema\/logo\/image\/\",\"url\":\"https:\/\/www.canberrivell.es\/wp-content\/uploads\/2014\/05\/logo_dark.png\",\"contentUrl\":\"https:\/\/www.canberrivell.es\/wp-content\/uploads\/2014\/05\/logo_dark.png\",\"width\":350,\"height\":100,\"caption\":\"Restaurante Can Berri Vell Ibiza\"},\"image\":{\"@id\":\"https:\/\/www.canberrivell.es\/#\/schema\/logo\/image\/\"},\"sameAs\":[\"https:\/\/www.facebook.com\/RestauranteCanBerriVell\",\"https:\/\/x.com\/canberrivell\",\"http:\/\/instagram.com\/canberrivell\",\"http:\/\/www.tripadvisor.es\/Restaurant_Review-g1906025-d2693469-Reviews-Can_Berri_Vell-San_Agusti_des_Vedra_Ibiza_Balearic_Islands.html\"]}]}<\/script>\n<!-- \/ Yoast SEO plugin. -->","yoast_head_json":{"title":"Hist\u00f2ria - Restaurante Can Berri Vell Ibiza","robots":{"index":"index","follow":"follow","max-snippet":"max-snippet:-1","max-image-preview":"max-image-preview:large","max-video-preview":"max-video-preview:-1"},"canonical":"https:\/\/www.canberrivell.es\/ca\/historia\/","og_locale":"ca_ES","og_type":"article","og_title":"Hist\u00f2ria - Restaurante Can Berri Vell Ibiza","og_description":"[vc_row row_type=&#8221;row&#8221; type=&#8221;grid&#8221; text_align=&#8221;center&#8221; padding_top=&#8221;87&#8243; background_color=&#8221;#ffffff&#8221; padding_bottom=&#8221;95&#8243; el_class=&#8221;home1&#8243; background_image=&#8221;15259&#8243;][vc_column width=&#8221;1\/1&#8243;][vc_column_text] Tradici\u00f3, Entorn i Autenticitat [\/vc_column_text][vc_separator type=&#8221;small&#8221; position=&#8221;center&#8221; down=&#8221;38&#8243; up=&#8221;7&#8243;][vc_column_text] Una casa tradicional eivissenca en ple cor de Sant Agust\u00ed des Vedr\u00e0 [\/vc_column_text][vc_separator type=&#8221;transparent&#8221; position=&#8221;center&#8221; up=&#8221;30&#8243; down=&#8221;10&#8243;][vc_column_text]Can Berri Vell ja est\u00e0 documentada com a vivenda familiar...","og_url":"https:\/\/www.canberrivell.es\/ca\/historia\/","og_site_name":"Restaurante Can Berri Vell Ibiza","article_publisher":"https:\/\/www.facebook.com\/RestauranteCanBerriVell","article_modified_time":"2014-06-05T12:16:17+00:00","twitter_misc":{"Temps estimat de lectura":"1 minut"},"schema":{"@context":"https:\/\/schema.org","@graph":[{"@type":"WebPage","@id":"https:\/\/www.canberrivell.es\/ca\/historia\/","url":"https:\/\/www.canberrivell.es\/ca\/historia\/","name":"Hist\u00f2ria - Restaurante Can Berri Vell Ibiza","isPartOf":{"@id":"https:\/\/www.canberrivell.es\/#website"},"datePublished":"2014-03-28T11:13:31+00:00","dateModified":"2014-06-05T12:16:17+00:00","breadcrumb":{"@id":"https:\/\/www.canberrivell.es\/ca\/historia\/#breadcrumb"},"inLanguage":"ca","potentialAction":[{"@type":"ReadAction","target":["https:\/\/www.canberrivell.es\/ca\/historia\/"]}]},{"@type":"BreadcrumbList","@id":"https:\/\/www.canberrivell.es\/ca\/historia\/#breadcrumb","itemListElement":[{"@type":"ListItem","position":1,"name":"Portada","item":"https:\/\/www.canberrivell.es\/ca\/home\/"},{"@type":"ListItem","position":2,"name":"Hist\u00f2ria"}]},{"@type":"WebSite","@id":"https:\/\/www.canberrivell.es\/#website","url":"https:\/\/www.canberrivell.es\/","name":"Restaurante Can Berri Vell Ibiza","description":"Sant Agust\u00ed","publisher":{"@id":"https:\/\/www.canberrivell.es\/#organization"},"potentialAction":[{"@type":"SearchAction","target":{"@type":"EntryPoint","urlTemplate":"https:\/\/www.canberrivell.es\/?s={search_term_string}"},"query-input":{"@type":"PropertyValueSpecification","valueRequired":true,"valueName":"search_term_string"}}],"inLanguage":"ca"},{"@type":"Organization","@id":"https:\/\/www.canberrivell.es\/#organization","name":"Restaurante Can Berri Vell Ibiza","url":"https:\/\/www.canberrivell.es\/","logo":{"@type":"ImageObject","inLanguage":"ca","@id":"https:\/\/www.canberrivell.es\/#\/schema\/logo\/image\/","url":"https:\/\/www.canberrivell.es\/wp-content\/uploads\/2014\/05\/logo_dark.png","contentUrl":"https:\/\/www.canberrivell.es\/wp-content\/uploads\/2014\/05\/logo_dark.png","width":350,"height":100,"caption":"Restaurante Can Berri Vell Ibiza"},"image":{"@id":"https:\/\/www.canberrivell.es\/#\/schema\/logo\/image\/"},"sameAs":["https:\/\/www.facebook.com\/RestauranteCanBerriVell","https:\/\/x.com\/canberrivell","http:\/\/instagram.com\/canberrivell","http:\/\/www.tripadvisor.es\/Restaurant_Review-g1906025-d2693469-Reviews-Can_Berri_Vell-San_Agusti_des_Vedra_Ibiza_Balearic_Islands.html"]}]}},"_links":{"self":[{"href":"https:\/\/www.canberrivell.es\/ca\/wp-json\/wp\/v2\/pages\/15468","targetHints":{"allow":["GET"]}}],"collection":[{"href":"https:\/\/www.canberrivell.es\/ca\/wp-json\/wp\/v2\/pages"}],"about":[{"href":"https:\/\/www.canberrivell.es\/ca\/wp-json\/wp\/v2\/types\/page"}],"author":[{"embeddable":true,"href":"https:\/\/www.canberrivell.es\/ca\/wp-json\/wp\/v2\/users\/1"}],"replies":[{"embeddable":true,"href":"https:\/\/www.canberrivell.es\/ca\/wp-json\/wp\/v2\/comments?post=15468"}],"version-history":[{"count":0,"href":"https:\/\/www.canberrivell.es\/ca\/wp-json\/wp\/v2\/pages\/15468\/revisions"}],"wp:attachment":[{"href":"https:\/\/www.canberrivell.es\/ca\/wp-json\/wp\/v2\/media?parent=15468"}],"curies":[{"name":"wp","href":"https:\/\/api.w.org\/{rel}","templated":true}]}}